{"version":"1.0","provider_name":"Multimedia Bilgisayar | Blog","provider_url":"https:\/\/multimediabilgisayar.com\/blog","author_name":"Multimedia","author_url":"https:\/\/multimediabilgisayar.com\/blog\/author\/multi-admin\/","title":"Facebook'da Be\u011fen Tu\u015funa Yeni Emojiler Eklendi! - Multimedia Bilgisayar | Blog","type":"rich","width":600,"height":338,"html":"<blockquote class=\"wp-embedded-content\" data-secret=\"l38Cl1A5H7\"><a href=\"https:\/\/multimediabilgisayar.com\/blog\/facebookda-begen-tusuna-yeni-emojiler-eklendi\/\">Facebook&#8217;da Be\u011fen Tu\u015funa Yeni Emojiler Eklendi!<\/a><\/blockquote><iframe sandbox=\"allow-scripts\" security=\"restricted\" src=\"https:\/\/multimediabilgisayar.com\/blog\/facebookda-begen-tusuna-yeni-emojiler-eklendi\/embed\/#?secret=l38Cl1A5H7\" width=\"600\" height=\"338\" title=\"&#8220;Facebook&#8217;da Be\u011fen Tu\u015funa Yeni Emojiler Eklendi!&#8221; &#8212; Multimedia Bilgisayar | Blog\" data-secret=\"l38Cl1A5H7\" frameborder=\"0\" marginwidth=\"0\" marginheight=\"0\" scrolling=\"no\" class=\"wp-embedded-content\"><\/iframe><script>\n\/*! This file is auto-generated *\/\n!function(d,l){\"use strict\";l.querySelector&&d.addEventListener&&\"undefined\"!=typeof URL&&(d.wp=d.wp||{},d.wp.receiveEmbedMessage||(d.wp.receiveEmbedMessage=function(e){var t=e.data;if((t||t.secret||t.message||t.value)&&!\/[^a-zA-Z0-9]\/.test(t.secret)){for(var s,r,n,a=l.querySelectorAll('iframe[data-secret=\"'+t.secret+'\"]'),o=l.querySelectorAll('blockquote[data-secret=\"'+t.secret+'\"]'),c=new RegExp(\"^https?:$\",\"i\"),i=0;i<o.length;i++)o[i].style.display=\"none\";for(i=0;i<a.length;i++)s=a[i],e.source===s.contentWindow&&(s.removeAttribute(\"style\"),\"height\"===t.message?(1e3<(r=parseInt(t.value,10))?r=1e3:~~r<200&&(r=200),s.height=r):\"link\"===t.message&&(r=new URL(s.getAttribute(\"src\")),n=new URL(t.value),c.test(n.protocol))&&n.host===r.host&&l.activeElement===s&&(d.top.location.href=t.value))}},d.addEventListener(\"message\",d.wp.receiveEmbedMessage,!1),l.addEventListener(\"DOMContentLoaded\",function(){for(var e,t,s=l.querySelectorAll(\"iframe.wp-embedded-content\"),r=0;r<s.length;r++)(t=(e=s[r]).getAttribute(\"data-secret\"))||(t=Math.random().toString(36).substring(2,12),e.src+=\"#?secret=\"+t,e.setAttribute(\"data-secret\",t)),e.contentWindow.postMessage({message:\"ready\",secret:t},\"*\")},!1)))}(window,document);\n\/\/# sourceURL=https:\/\/multimediabilgisayar.com\/blog\/wp-includes\/js\/wp-embed.min.js\n<\/script>\n","thumbnail_url":"https:\/\/multimediabilgisayar.com\/blog\/wp-content\/uploads\/2016\/02\/facebook-like-butonu-degisti.jpg","thumbnail_width":580,"thumbnail_height":330,"description":"Facebook&#8216;un uzun s\u00fcredir test etti\u011fi &#8216;Facebook Reactions&#8217; emoji&#8217;leri nihayet t\u00fcm kullan\u0131c\u0131lara sunuldu. Art\u0131k &#8220;be\u011fenme&#8221; haricinde farkl\u0131 ifadeleri de kullanabilece\u011fiz. Facebook&#8217;un kullan\u0131c\u0131lara sadece &#8220;be\u011fen&#8221; i\u015flevi sunmas\u0131, uzun s\u00fcredir baz\u0131 kesimler taraf\u0131ndan ele\u015ftiriliyordu. Facebook ekibi de bu ele\u015ftirileri dinlemi\u015f olacak ki uzun s\u00fcredir geli\u015ftiren Reactions \u00f6zelli\u011fi bug\u00fcnden itibaren t\u00fcm kullan\u0131c\u0131lar\u0131n kullan\u0131m\u0131na a\u00e7\u0131ld\u0131. Ge\u00e7ti\u011fimiz Ekim ay\u0131ndan bu yana [&hellip;]"}